{"id":229,"date":"2022-03-24T13:03:04","date_gmt":"2022-03-24T13:03:04","guid":{"rendered":"https:\/\/edukace.cochem.cz\/?page_id=229"},"modified":"2022-09-05T10:44:26","modified_gmt":"2022-09-05T10:44:26","slug":"prubeh-soudniho-rizeni","status":"publish","type":"page","link":"https:\/\/edukace.cochem.cz\/?page_id=229","title":{"rendered":"Pr\u016fb\u011bh soudn\u00edho \u0159\u00edzen\u00ed"},"content":{"rendered":"\n<h2 class=\"wp-block-heading\">Zah\u00e1jen\u00ed \u0159\u00edzen\u00ed<\/h2>\n\n\n\n<p>Soudn\u00ed \u0159\u00edzen\u00ed o \u00faprav\u011b pom\u011br\u016f nezletil\u00fdch d\u011bt\u00ed je zpravidla zah\u00e1jeno doru\u010den\u00edm n\u00e1vrhu soudu, v\u00fdjime\u010dn\u011b zahajuje \u0159\u00edzen\u00ed soud bez n\u00e1vrhu.<\/p>\n\n\n\n<h2 class=\"wp-block-heading\">Jmenov\u00e1n\u00ed kolizn\u00edho opatrovn\u00edka<\/h2>\n\n\n\n<p>Po obdr\u017een\u00ed n\u00e1vrhu soud v souladu se z\u00e1konem jmenuje nezletil\u00e9mu d\u00edt\u011bti z\u00e1stupce (kolizn\u00edho opatrovn\u00edka) pro \u0159\u00edzen\u00ed upravuj\u00edc\u00ed jeho pom\u011bry. Dle MPSV je \u00falohou kolizn\u00edho opatrovnictv\u00ed (nejen) v rodinn\u00e9m pr\u00e1vu soukrom\u00e9m zastupov\u00e1n\u00ed d\u00edt\u011bte v r\u00e1mci prob\u00edhaj\u00edc\u00edch \u0159\u00edzen\u00edch o \u00fapravu jeho pom\u011br\u016f, a to zaji\u0161t\u011bn\u00edm praktick\u00e9 a \u00fa\u010dinn\u00e9 \u00fa\u010dasti d\u00edt\u011bte v \u0159\u00edzen\u00ed, kter\u00e9 se jej t\u00fdk\u00e1, zaji\u0161t\u011bn\u00ed p\u0159\u00edstupu d\u00edt\u011bte ke spravedlnosti, zaji\u0161t\u011bn\u00ed spravedliv\u00e9ho procesu pro d\u00edt\u011b. Toto je vedeno snahou vyrovnat nedostate\u010dnou schopnost d\u00edt\u011bte \u00fa\u010dastnit se \u0159\u00edzen\u00ed samostatn\u011b. (Hofschneiderov\u00e1, 2020)<\/p>\n\n\n\n<p>Povinnost zastupov\u00e1n\u00ed nezletil\u00e9ho d\u00edt\u011bte v r\u00e1mci soudn\u00edch \u0159\u00edzen\u00ed jinou osobou ne\u017e rodi\u010dem vych\u00e1z\u00ed z \u00a7 892 odst. 3 o. z., kde je uvedeno: <\/p>\n\n\n\n<blockquote class=\"wp-block-quote is-layout-flow wp-block-quote-is-layout-flow\"><p>Rodi\u010d nem\u016f\u017ee d\u00edt\u011b zastoupit, jestli\u017ee by mohlo doj\u00edt ke st\u0159etu z\u00e1jm\u016f mezi n\u00edm a d\u00edt\u011btem nebo mezi d\u011btmi t\u00fdch\u017e rodi\u010d\u016f. V takov\u00e9m p\u0159\u00edpad\u011b jmenuje soud d\u00edt\u011bti opatrovn\u00edka.<\/p><\/blockquote>\n\n\n\n<p>Pokud se jedn\u00e1 o jmenov\u00e1n\u00ed opatrovn\u00edka d\u00edt\u011bte, toto vych\u00e1z\u00ed z \u00a7 943 o. z., kde je uvedeno: <\/p>\n\n\n\n<blockquote class=\"wp-block-quote is-layout-flow wp-block-quote-is-layout-flow\"><p>Soud jmenuje d\u00edt\u011bti opatrovn\u00edka, hroz\u00ed-li st\u0159et z\u00e1jm\u016f d\u00edt\u011bte na stran\u011b jedn\u00e9 a jin\u00e9 osoby na stran\u011b druh\u00e9, neh\u00e1j\u00ed-li z\u00e1konn\u00fd z\u00e1stupce dostate\u010dn\u011b z\u00e1jmy d\u00edt\u011bte, nebo je-li toho v z\u00e1jmu d\u00edt\u011bte zapot\u0159eb\u00ed z jin\u00e9ho d\u016fvodu, anebo stanov\u00ed-li tak z\u00e1kon.<\/p><\/blockquote>\n\n\n\n<p>Jedn\u00e1 se tedy o tzv. kolizn\u00edho opatrovn\u00edka. Toto je d\u00e1le upraveno v \u00a7 460 o. z., kter\u00fd \u0159\u00edk\u00e1: <\/p>\n\n\n\n<blockquote class=\"wp-block-quote is-layout-flow wp-block-quote-is-layout-flow\"><p>Dojde-li ke st\u0159etu z\u00e1jmu z\u00e1konn\u00e9ho z\u00e1stupce nebo opatrovn\u00edka se z\u00e1jmem zastoupen\u00e9ho \u010di ke st\u0159etnut\u00ed z\u00e1jm\u016f t\u011bch, kte\u0159\u00ed jsou zastoupeni t\u00fdm\u017e z\u00e1konn\u00fdm z\u00e1stupcem nebo opatrovn\u00edkem, anebo hroz\u00ed-li takov\u00fd st\u0159et, jmenuje soud zastoupen\u00e9mu kolizn\u00edho opatrovn\u00edka.<\/p><\/blockquote>\n\n\n\n<p>V souladu s \u00a7 469 z. \u0159. s., kde je uvedeno: <\/p>\n\n\n\n<blockquote class=\"wp-block-quote is-layout-flow wp-block-quote-is-layout-flow\"><p>opatrovn\u00edkem soud jmenuje zpravidla org\u00e1n soci\u00e1ln\u011b-pr\u00e1vn\u00ed ochrany d\u011bt\u00ed, <\/p><\/blockquote>\n\n\n\n<p>b\u00fdv\u00e1 t\u00edmto opatrovn\u00edkem ustanoven m\u00edstn\u011b p\u0159\u00edslu\u0161n\u00fd obecn\u00ed \u00fa\u0159ad obce s roz\u0161\u00ed\u0159enou p\u016fsobnost\u00ed v jeho\u017e obvodu m\u00e1 nezletil\u00e9 d\u00edt\u011b hl\u00e1\u0161en trval\u00fd pobyt.<\/p>\n\n\n\n<p>A\u010dkoliv je<strong> prim\u00e1rn\u00edm \u201eklientem\u201c kolizn\u00edho opatrovn\u00edka d\u00edt\u011b<\/strong>, nelze v r\u00e1mci rodinn\u00e9ho pr\u00e1va soukrom\u00e9ho, tedy pr\u00e1va, kde se upravuj\u00ed pom\u011bry dvou zcela sv\u00e9pr\u00e1vn\u00fdch a kompetentn\u00edch rodi\u010d\u016f, zam\u011b\u0159it pozornost org\u00e1nu soci\u00e1ln\u011b-pr\u00e1vn\u00ed ochrany pouze na d\u00edt\u011b, ale <strong>p\u0159edpokl\u00e1d\u00e1 se \u00fazk\u00e1 spolupr\u00e1ce s rodi\u010di tohoto d\u00edt\u011bte.<\/strong> Pozornost kolizn\u00edho opatrovn\u00edka se tak v opatrovnick\u00e9m \u0159\u00edzen\u00ed zam\u011b\u0159uje nejen na d\u00edt\u011b a zastupov\u00e1n\u00ed d\u00edt\u011bte, ale tak\u00e9 stejnou m\u011brou na poskytov\u00e1n\u00ed poradenstv\u00ed rodi\u010d\u016fm nezletil\u00e9ho d\u00edt\u011bte (\u00a7 11 odst. 1 ZSPOD).<\/p>\n\n\n\n<p>V tomto kontextu lze hovo\u0159it o preventivn\u00ed roli OSPOD jako projevu pozitivn\u00edho z\u00e1vazku st\u00e1tu na ochranu rodinn\u00e9ho \u017eivota. Povinnost OSPOD preventivn\u011b p\u016fsobit ve sporech (respektive jim p\u0159edch\u00e1zet) lze dovozovat i z n\u00e1lezu \u00dastavn\u00edho soudu <mark style=\"background-color:#ece3c3\" class=\"has-inline-color\">II. \u00daS 3765\/11 ze dne 13. b\u0159ezna 2012<\/mark>, ve kter\u00e9m \u00dastavn\u00ed soud konstatuje, \u017ee <\/p>\n\n\n\n<blockquote class=\"wp-block-quote is-layout-flow wp-block-quote-is-layout-flow\"><p>\u201ez\u00e1jmem spole\u010dnosti je p\u0159edev\u0161\u00edm vytv\u00e1\u0159et takov\u00e9 spole\u010densk\u00e9, soci\u00e1ln\u00ed a mor\u00e1ln\u00ed prost\u0159ed\u00ed, aby ke konfliktu z\u00e1jm\u016f v\u0161ech z\u00fa\u010dastn\u011bn\u00fdch, tj. rodi\u010d\u016f, nezletil\u00fdch i jejich kolizn\u00edch opatrovn\u00edk\u016f, nemuselo doch\u00e1zet\u201c. <\/p><\/blockquote>\n\n\n\n<p>Rodi\u010de pak maj\u00ed dle ustanoven\u00ed \u00a7 53 odst. 2 z\u00e1kona ZSPOD povinnost poskytnout org\u00e1n\u016fm soci\u00e1ln\u011b-pr\u00e1vn\u00ed ochrany d\u011bt\u00ed n\u00e1le\u017eitou sou\u010dinnost.<\/p>\n\n\n\n<p>Tam, kde je aplikov\u00e1na interdisciplin\u00e1rn\u00ed spolupr\u00e1ce, v\u011bt\u0161inou <strong>soud<\/strong><strong> <\/strong><strong>vyzve<\/strong><strong> <\/strong><strong>rodi\u010de, aby spole\u010dn\u011b kontaktovali m\u00edstn\u011b p\u0159\u00edslu\u0161n\u00fd obecn\u00ed \u00fa\u0159ad s roz\u0161\u00ed\u0159enou p\u016fsobnost\u00ed<\/strong>, tedy ten, kter\u00fd byl jmenov\u00e1n kolizn\u00edm opatrovn\u00edkem jejich d\u00edt\u011bte, aby si zde dohodli spole\u010dnou sch\u016fzku. V m\u00edstech, kde je poskytov\u00e1na skupinov\u00e1 edukace rodi\u010d\u016f, jsou rodi\u010de soudem vyzv\u00e1ni, aby se dostavili na skupinovou edukaci v ur\u010den\u00e9m term\u00ednu. Zpravidla jsou nab\u00edzeny dva term\u00edny v m\u011bs\u00edci.<\/p>\n\n\n\n<p>B\u011bhem <strong>spole\u010dn\u00e9 sch\u016fzky rodi\u010d\u016f s kolizn\u00edm opatrovn\u00edkem<\/strong>, kter\u00e1 prob\u00edh\u00e1 zpravidla je\u0161t\u011b p\u0159ed prvn\u00edm soudn\u00edm jedn\u00e1n\u00edm, jsou ov\u011b\u0159eny informace t\u00fdkaj\u00edc\u00ed se d\u00edt\u011bte a aktu\u00e1ln\u00ed situace v rodin\u011b (k tomu nedoch\u00e1z\u00ed v r\u00e1mci skupinov\u00e9 edukace, kter\u00e1 m\u00e1 charakter p\u0159edn\u00e1\u0161ky \u010di semin\u00e1\u0159e). Rodi\u010de jsou edukov\u00e1ni o pot\u0159eb\u00e1ch d\u00edt\u011bte, vedeni jsou k napln\u011bn\u00ed participa\u010dn\u00edch pr\u00e1v d\u00edt\u011bte a k uzav\u0159en\u00ed dohody o p\u0159edm\u011btu soudn\u00edho \u0159\u00edzen\u00ed upravuj\u00edc\u00edho pom\u011bry nezletil\u00e9ho d\u00edt\u011bte. N\u011bkte\u0159\u00ed rodi\u010de jsou schopni uzav\u0159\u00edt po t\u00e9to edukaci dohodu, a\u0165 ji\u017e samostatn\u011b, p\u0159\u00edpadn\u011b prost\u0159ednictv\u00edm sv\u00e9ho pr\u00e1vn\u00edho z\u00e1stupce, nebo nap\u0159. za pomoci pracovn\u00edka OSPOD. Takov\u00e1 dohoda, pokud nen\u00ed ve zjevn\u00e9m nesouladu se z\u00e1jmy d\u00edt\u011bte, je pak schv\u00e1lena p\u0159ed soudem b\u011bhem soudn\u00edho jedn\u00e1n\u00ed, kter\u00e9mu je kolizn\u00ed opatrovn\u00edk zpravidla osobn\u011b p\u0159\u00edtomen.<\/p>\n\n\n\n<h2 class=\"wp-block-heading\">Prvn\u00ed soudn\u00ed jedn\u00e1n\u00ed\/jin\u00fd soudn\u00ed rok<\/h2>\n\n\n\n<p>Dal\u0161\u00ed mo\u017enost uzav\u0159\u00edt dohodu se pak rodi\u010d\u016fm nab\u00edz\u00ed p\u0159i<strong> prvn\u00edm soudn\u00edm jedn\u00e1n\u00ed<\/strong>, k \u010demu\u017e m\u016f\u017ee v\u00fdznamn\u011b p\u0159isp\u011bt s\u00e1m soudce, kter\u00fd rodi\u010de tak\u00e9 edukuje, potvrzuje sd\u011blen\u00ed z p\u0159edchoz\u00ed edukace a vede rodi\u010de k dohod\u011b. Pokud se rodi\u010de na \u00faprav\u011b pom\u011br\u016f sv\u00e9ho d\u00edt\u011bte nedohodnou ani b\u011bhem soudn\u00edho jedn\u00e1n\u00ed (jin\u00e9ho soudn\u00edho roku), m\u016f\u017ee b\u00fdt rodi\u010d\u016fm, a v r\u00e1mci interdisciplin\u00e1rn\u00ed spolupr\u00e1ce standardn\u011b b\u00fdv\u00e1, doporu\u010deno \u010di ulo\u017eena povinnost vyu\u017e\u00edt odbornou pomoc \u2013 nej\u010dast\u011bji ve form\u011b odborn\u00e9ho poradenstv\u00ed (navazuj\u00edc\u00ed edukace), p\u0159\u00edpadn\u011b mediace, rodinn\u00e9 terapie \u010di \u201e<em>setk\u00e1n\u00ed s poskytovatelem odborn\u00e9 pomoci\u201c<\/em> (posledn\u00ed t\u0159i jsou formy odborn\u00e9 pomoci definov\u00e1n\u00e9 v \u00a7 474 odst. 1 z. \u0159. s.). Rodi\u010de tak maj\u00ed prostor do dal\u0161\u00edho soudn\u00edho jedn\u00e1n\u00ed, jeho\u017e term\u00edn je p\u0159edem zn\u00e1m, vyu\u017e\u00edt pomoci odborn\u00edk\u016f p\u0159i hled\u00e1n\u00ed \u0159e\u0161en\u00ed nastaven\u00ed p\u00e9\u010de o d\u011bti.<\/p>\n\n\n\n<h2 class=\"wp-block-heading\">Navazuj\u00edc\u00ed edukace<\/h2>\n\n\n\n<p>V r\u00e1mci navazuj\u00edc\u00ed edukace je pak rodi\u010d\u016fm <strong>b\u011bhem zpravidla t\u0159\u00ed spole\u010dn\u00fdch sch\u016fzek poskytnuto psycho-soci\u00e1ln\u011b-pr\u00e1vn\u00ed poradenstv\u00ed <\/strong>(viz kapitola Formy edukace \u2013 podrobn\u011b). Ide\u00e1ln\u00edm v\u00fdsledkem takov\u00e9 spolupr\u00e1ce je dohoda o \u00faprav\u011b pom\u011br\u016f d\u00edt\u011bte. Poskytovatel odborn\u00e9 pomoci je rodi\u010d\u016fm n\u00e1pomocn\u00fd p\u0159i seps\u00e1n\u00ed takov\u00e9to dohody, nejl\u00e9pe dopln\u011bn\u00e9 o rodi\u010dovsk\u00fd pl\u00e1n. Tato dohoda rodi\u010d\u016f, pokud nen\u00ed ve zjevn\u00e9m nesouladu se z\u00e1jmy d\u00edt\u011bte, je pak schv\u00e1lena p\u0159ed soudem b\u011bhem dal\u0161\u00edho soudn\u00edho jedn\u00e1n\u00ed, kter\u00e9mu je kolizn\u00ed opatrovn\u00edk zpravidla osobn\u011b p\u0159\u00edtomen. Pokud se rodi\u010de ani p\u0159es poskytnutou odbornou pomoc na \u00faprav\u011b pom\u011br\u016f sv\u00e9ho d\u00edt\u011bte nedohodnou, zas\u00edl\u00e1 poskytovatel odborn\u00e9 pomoci na z\u00e1klad\u011b \u017e\u00e1dosti zpr\u00e1vu soudu o pr\u016fb\u011bhu poskytnut\u00e9 odborn\u00e9 pomoci. Tato zpr\u00e1va se zam\u011b\u0159uje na podstatn\u00e9 v\u011bci, kter\u00e9 jsou d\u016fle\u017eit\u00e9 pro rozhodnut\u00ed soudu ve v\u011bci \u00fapravy pom\u011br\u016f nezletil\u00e9ho d\u00edt\u011bte (viz vzor zpr\u00e1vy soudu\/OSPOD o pr\u016fb\u011bhu spolupr\u00e1ce v p\u0159\u00edloze metodiky).<\/p>\n\n\n\n<h2 class=\"wp-block-heading\">Druh\u00e9 soudn\u00ed jedn\u00e1n\u00ed<\/h2>\n\n\n\n<p>Pokud <strong>nedojde k dohod\u011b<\/strong> ani b\u011bhem dal\u0161\u00edho (druh\u00e9ho) soudn\u00edho jedn\u00e1n\u00ed, <strong>m\u00e1 soud dv\u011b mo\u017enosti \u2013 soudn\u00ed \u0159\u00edzen\u00ed ukon\u010dit rozhodnut\u00edm ve v\u011bci sam\u00e9 nebo jedn\u00e1n\u00ed odro\u010dit a rodi\u010d\u016fm, pokud se to jev\u00ed jako \u00fa\u010deln\u00e9, poskytnout dal\u0161\u00ed prostor pro uzav\u0159en\u00ed dohody, a to doporu\u010den\u00edm \u010di na\u0159\u00edzen\u00edm dal\u0161\u00ed odborn\u00e9 pomoci.<\/strong><\/p>\n\n\n\n<p>P\u0159i <strong>ulo\u017een\u00ed povinnosti rodi\u010d\u016fm vyu\u017e\u00edt odbornou pomoc<\/strong> soud vych\u00e1z\u00ed z \u00a7 474 odst. 1 z. \u0159. s., dle kter\u00e9ho <\/p>\n\n\n\n<blockquote class=\"wp-block-quote is-layout-flow wp-block-quote-is-layout-flow\"><p>za \u00fa\u010delem ochrany z\u00e1jmu d\u00edt\u011bte soud vede rodi\u010de k nalezen\u00ed sm\u00edrn\u00e9ho \u0159e\u0161en\u00ed. Soud m\u016f\u017ee rodi\u010d\u016fm ulo\u017eit na dobu nejv\u00fd\u0161e 3 m\u011bs\u00edc\u016f \u00fa\u010dast na mimosoudn\u00edm sm\u00edr\u010d\u00edm nebo media\u010dn\u00edm jedn\u00e1n\u00ed nebo rodinn\u00e9 terapii, nebo jim na\u0159\u00eddit setk\u00e1n\u00ed s poskytovatelem odborn\u00e9 pomoci, zejm\u00e9na odborn\u00edkem v oboru pedopsychologie.<\/p><\/blockquote>\n\n\n\n<p>V\u00fdsledkem takov\u00e9 spolupr\u00e1ce by m\u011bla b\u00fdt dohoda o \u00faprav\u011b pom\u011br\u016f d\u00edt\u011bte. Poskytovatel odborn\u00e9 pomoci je rodi\u010d\u016fm n\u00e1pomocn\u00fd p\u0159i seps\u00e1n\u00ed dohody, ide\u00e1ln\u011b dopln\u011bn\u00e9 o rodi\u010dovsk\u00fd pl\u00e1n.<\/p>\n\n\n\n<h2 class=\"wp-block-heading\">\u201eAutoritativn\u00ed\u201c rozhodnut\u00ed soudu<\/h2>\n\n\n\n<p>Pokud nedojde k dohod\u011b ani b\u011bhem dal\u0161\u00edho (t\u0159et\u00edho) soudn\u00edho jedn\u00e1n\u00ed, p\u0159istoup\u00ed zpravidla soud k rozhodnut\u00ed ve v\u011bci sam\u00e9. Touto \u201enedohodou\u201c se v\u0161ak rodi\u010de definitivn\u011b vzdali sv\u00e9ho opr\u00e1vn\u011bn\u00ed rozhodnout o pom\u011brech sv\u00e9ho d\u00edt\u011bte, svoji kompetenci tak delegovali na soud. <strong>Soud pak ur\u010d\u00ed, jak bude p\u00e9\u010de o d\u00edt\u011b prob\u00edhat, rodi\u010de jsou pak povinni se rozhodnut\u00edm soudu \u0159\u00eddit.<\/strong> Soudn\u00ed \u0159\u00edzen\u00ed je t\u00edmto ukon\u010deno, vyjma p\u0159\u00edpad\u016f, kdy se rodi\u010de proti rozsudku odvol\u00e1vaj\u00ed ke krajsk\u00e9mu soudu. V t\u00e9to f\u00e1zi je pak zpravidla ji\u017e pouze na rodi\u010d\u00edch, zda maj\u00ed z\u00e1jem o vyu\u017eit\u00ed dal\u0161\u00ed odborn\u00e9 pomoci (individu\u00e1ln\u00ed\/spole\u010dn\u00e9 pro oba rodi\u010de). V t\u00e9to f\u00e1zi b\u00fdv\u00e1 \u010dastou zak\u00e1zkou ze strany rodi\u010d\u016f obnova rodi\u010dovsk\u00e9 komunikace o z\u00e1le\u017eitostech d\u00edt\u011bte, zvl\u00e1d\u00e1n\u00ed n\u00e1rok\u016f vypl\u00fdvaj\u00edc\u00edch ze soudn\u00edho rozhodnut\u00ed apod.<\/p>\n\n\n\n<figure class=\"wp-block-image aligncenter size-full is-resized\"><img loading=\"lazy\" decoding=\"async\" src=\"https:\/\/edukace.cochem.cz\/wp-content\/uploads\/2022\/03\/jiny_soudni_rok.png\" alt=\"jiny-soudni-rok\" class=\"wp-image-323\" width=\"755\" height=\"295\" srcset=\"https:\/\/edukace.cochem.cz\/wp-content\/uploads\/2022\/03\/jiny_soudni_rok.png 1007w, https:\/\/edukace.cochem.cz\/wp-content\/uploads\/2022\/03\/jiny_soudni_rok-300x117.png 300w, https:\/\/edukace.cochem.cz\/wp-content\/uploads\/2022\/03\/jiny_soudni_rok-768x300.png 768w\" sizes=\"auto, (max-width: 755px) 100vw, 755px\" \/><figcaption><em>Jin\u00fd soudn\u00ed rok<\/em><\/figcaption><\/figure>\n\n\n\n<div style=\"height:50px\" aria-hidden=\"true\" class=\"wp-block-spacer\"><\/div>\n\n\n\n<hr class=\"wp-block-separator has-text-color has-css-opacity has-background alignwide is-style-wide\" style=\"background-color:#eac323;color:#eac323\"\/>\n\n\n\n<div style=\"height:30px\" aria-hidden=\"true\" class=\"wp-block-spacer\"><\/div>\n\n\n\n<div class=\"wp-block-buttons alignwide is-content-justification-center is-layout-flex wp-container-core-buttons-is-layout-a89b3969 wp-block-buttons-is-layout-flex\">\n<div class=\"wp-block-button\"><a class=\"wp-block-button__link\" href=\"https:\/\/edukace.cochem.cz\/?page_id=226\">&lt;&lt; <strong>N\u00e1le\u017eitosti n\u00e1vrhu ve v\u011bcech p\u00e9\u010de soudu o nezletil\u00e9 d\u011bti<\/strong><\/a><\/div>\n\n\n\n<div class=\"wp-block-button\"><a class=\"wp-block-button__link\" href=\"https:\/\/edukace.cochem.cz\/?page_id=231\"><strong>Zat\u00edmn\u00ed dohody a jejich v\u00fdznam<\/strong> &gt;&gt;<\/a><\/div>\n<\/div>\n","protected":false},"excerpt":{"rendered":"<p>Zah\u00e1jen\u00ed \u0159\u00edzen\u00ed Soudn\u00ed \u0159\u00edzen\u00ed o \u00faprav\u011b pom\u011br\u016f nezletil\u00fdch d\u011bt\u00ed je zpravidla zah\u00e1jeno doru\u010den\u00edm n\u00e1vrhu soudu, v\u00fdjime\u010dn\u011b zahajuje \u0159\u00edzen\u00ed soud bez n\u00e1vrhu. Jmenov\u00e1n\u00ed kolizn\u00edho opatrovn\u00edka Po obdr\u017een\u00ed n\u00e1vrhu soud v souladu se z\u00e1konem jmenuje nezletil\u00e9mu d\u00edt\u011bti z\u00e1stupce (kolizn\u00edho opatrovn\u00edka) pro \u0159\u00edzen\u00ed upravuj\u00edc\u00ed jeho pom\u011bry. Dle MPSV je \u00falohou kolizn\u00edho opatrovnictv\u00ed (nejen) v rodinn\u00e9m pr\u00e1vu soukrom\u00e9m zastupov\u00e1n\u00ed [&hellip;]<\/p>\n","protected":false},"author":1,"featured_media":0,"parent":58,"menu_order":0,"comment_status":"closed","ping_status":"closed","template":"","meta":{"site-sidebar-layout":"default","site-content-layout":"","ast-site-content-layout":"","site-content-style":"default","site-sidebar-style":"default","ast-global-header-display":"","ast-banner-title-visibility":"","ast-main-header-display":"","ast-hfb-above-header-display":"","ast-hfb-below-header-display":"","ast-hfb-mobile-header-display":"","site-post-title":"","ast-breadcrumbs-content":"","ast-featured-img":"","footer-sml-layout":"","theme-transparent-header-meta":"","adv-header-id-meta":"","stick-header-meta":"","header-above-stick-meta":"","header-main-stick-meta":"","header-below-stick-meta":"","astra-migrate-meta-layouts":"default","ast-page-background-enabled":"default","ast-page-background-meta":{"desktop":{"background-color":"var(--ast-global-color-4)","background-image":"","background-repeat":"repeat","background-position":"center center","background-size":"auto","background-attachment":"scroll","background-type":"","background-media":"","overlay-type":"","overlay-color":"","overlay-opacity":"","overlay-gradient":""},"tablet":{"background-color":"","background-image":"","background-repeat":"repeat","background-position":"center center","background-size":"auto","background-attachment":"scroll","background-type":"","background-media":"","overlay-type":"","overlay-color":"","overlay-opacity":"","overlay-gradient":""},"mobile":{"background-color":"","background-image":"","background-repeat":"repeat","background-position":"center center","background-size":"auto","background-attachment":"scroll","background-type":"","background-media":"","overlay-type":"","overlay-color":"","overlay-opacity":"","overlay-gradient":""}},"ast-content-background-meta":{"desktop":{"background-color":"var(--ast-global-color-5)","background-image":"","background-repeat":"repeat","background-position":"center center","background-size":"auto","background-attachment":"scroll","background-type":"","background-media":"","overlay-type":"","overlay-color":"","overlay-opacity":"","overlay-gradient":""},"tablet":{"background-color":"var(--ast-global-color-5)","background-image":"","background-repeat":"repeat","background-position":"center center","background-size":"auto","background-attachment":"scroll","background-type":"","background-media":"","overlay-type":"","overlay-color":"","overlay-opacity":"","overlay-gradient":""},"mobile":{"background-color":"var(--ast-global-color-5)","background-image":"","background-repeat":"repeat","background-position":"center center","background-size":"auto","background-attachment":"scroll","background-type":"","background-media":"","overlay-type":"","overlay-color":"","overlay-opacity":"","overlay-gradient":""}},"footnotes":""},"class_list":["post-229","page","type-page","status-publish","hentry"],"_links":{"self":[{"href":"https:\/\/edukace.cochem.cz\/index.php?rest_route=\/wp\/v2\/pages\/229","targetHints":{"allow":["GET"]}}],"collection":[{"href":"https:\/\/edukace.cochem.cz\/index.php?rest_route=\/wp\/v2\/pages"}],"about":[{"href":"https:\/\/edukace.cochem.cz\/index.php?rest_route=\/wp\/v2\/types\/page"}],"author":[{"embeddable":true,"href":"https:\/\/edukace.cochem.cz\/index.php?rest_route=\/wp\/v2\/users\/1"}],"replies":[{"embeddable":true,"href":"https:\/\/edukace.cochem.cz\/index.php?rest_route=%2Fwp%2Fv2%2Fcomments&post=229"}],"version-history":[{"count":4,"href":"https:\/\/edukace.cochem.cz\/index.php?rest_route=\/wp\/v2\/pages\/229\/revisions"}],"predecessor-version":[{"id":419,"href":"https:\/\/edukace.cochem.cz\/index.php?rest_route=\/wp\/v2\/pages\/229\/revisions\/419"}],"up":[{"embeddable":true,"href":"https:\/\/edukace.cochem.cz\/index.php?rest_route=\/wp\/v2\/pages\/58"}],"wp:attachment":[{"href":"https:\/\/edukace.cochem.cz\/index.php?rest_route=%2Fwp%2Fv2%2Fmedia&parent=229"}],"curies":[{"name":"wp","href":"https:\/\/api.w.org\/{rel}","templated":true}]}}